{"id":777,"date":"2020-03-17T13:24:40","date_gmt":"2020-03-17T13:24:40","guid":{"rendered":"https:\/\/clinicaissa.com\/?page_id=777"},"modified":"2020-03-17T13:24:40","modified_gmt":"2020-03-17T13:24:40","slug":"politica-de-privacidad","status":"publish","type":"page","link":"https:\/\/clinicaissa.com\/es\/politica-de-privacidad\/","title":{"rendered":"Pol\u00edtica de privacidad"},"content":{"rendered":"<div class=\"wpb-content-wrapper\"><p>[vc_row css_animation=\u00bb\u00bb row_type=\u00bbrow\u00bb use_row_as_full_screen_section=\u00bbno\u00bb type=\u00bbfull_width\u00bb angled_section=\u00bbno\u00bb text_align=\u00bbleft\u00bb background_image_as_pattern=\u00bbwithout_pattern\u00bb css=\u00bb.vc_custom_1582186649594{padding-top: 200px !important;padding-bottom: 80px !important;}\u00bb z_index=\u00bb\u00bb][vc_column][vc_column_text]<\/p>\n<h3>Informaci\u00f3n general<\/h3>\n<p>La presente \u00abPol\u00edtica de Privacidad y Protecci\u00f3n de Datos\u00bb tiene como finalidad dar a conocer las condiciones que rigen la recogida y tratamiento de sus datos personales por parte de nuestra entidad o grupo corporativo para velar por los derechos fundamentales, su honor y libertades, todo ello en cumplimiento de las normativas vigentes que regulan la Protecci\u00f3n de Datos personales seg\u00fan la Uni\u00f3n Europea y el Estado Miembro espa\u00f1ol.<\/p>\n<p>En conformidad con dichas normativas, necesitamos disponer de su autorizaci\u00f3n y consentimiento para la recogida y el tratamiento de sus datos personales, por lo que a continuaci\u00f3n, le indicamos todos los detalles de su inter\u00e9s respecto a c\u00f3mo realizamos estos procesos, con qu\u00e9 finalidades, que otras entidades podr\u00edan tener acceso a sus datos y cu\u00e1les son sus derechos.<\/p>\n<p>Por todo lo expuesto, una vez revisada y le\u00edda nuestra Pol\u00edtica de Protecci\u00f3n de Datos, es imprescindible que la acepte en prueba de su conformidad y consentimiento.[\/vc_column_text][vc_empty_space][vc_column_text]<\/p>\n<h3>Responsable del tratamiento<\/h3>\n<p><strong>\u00bfQui\u00e9n recaba y trata sus datos?<\/strong><br \/>\nEl Responsable del Tratamiento de Datos es aquella persona f\u00edsica o jur\u00eddica, de naturaleza p\u00fablica o privada, u \u00f3rgano administrativo, que solo o conjuntamente con otros determine los fines y medios del tratamiento de datos personales; en caso de que los fines y medios del tratamiento est\u00e9n determinados por el Derecho de la Uni\u00f3n Europea o del Estado Miembro espa\u00f1ol.<\/p>\n<p>En este caso, nuestros datos identificativos como Responsable del Tratamiento son los siguientes:<br \/>\nINSTITUTO SANITARIO, S.A. DE SEGUROS &#8211; CIF A08169682<br \/>\n\u00bfC\u00f3mo puede contactar con nosotros?<br \/>\nDomicilio de nuestras oficinas:<br \/>\nNOU, 46. 08301, MATAR\u00d3 (Barcelona), Espa\u00f1a<br \/>\nEmail: info@clinicaissa.com &#8211; Tel\u00e9fono: 937902214<br \/>\nDomicilio postal: NOU, 46. 08301, MATAR\u00d3 (Barcelona), Espa\u00f1a<\/p>\n<p><strong>\u00bfQui\u00e9n puede ayudarte con nuestra Pol\u00edtica de Protecci\u00f3n de Datos?<\/strong><br \/>\nDisponemos de una persona o entidad especializada en protecci\u00f3n de datos, que es la encargada de velar por el correcto cumplimiento en nuestra entidad de la legislaci\u00f3n y normativas vigentes. \u00c9sta persona recibe el nombre de Delegado de Protecci\u00f3n de Datos (DPO) o Responsable de Protecci\u00f3n de Datos y, si lo necesita, puede contactar con \u00e9l de la siguiente forma:<br \/>\nUni\u00f3n Gestora Barcelona SL &#8211; CIF B65075715<br \/>\nEmail: ugbcnlopd@gmail.com &#8211; Tel\u00e9fono: 610601627[\/vc_column_text][vc_empty_space][vc_column_text]<\/p>\n<h3>Medidas de seguridad<\/h3>\n<p><strong>Qu\u00e9 hacemos para garantizar la privacidad de sus datos?<\/strong><br \/>\nNuestra entidad o grupo corporativo adopta las medidas organizativas y t\u00e9cnicas necesarias para garantizar la seguridad y la privacidad de sus datos, evitar su alteraci\u00f3n, p\u00e9rdida, tratamiento o acceso no autorizado, dependiendo del estado de la tecnolog\u00eda, la naturaleza de los datos almacenado y los riesgos a que est\u00e1n expuestos.<\/p>\n<p>Entre otras, destacan las siguientes medidas:<br \/>\n&#8211; Garantizar la confidencialidad, integridad, disponibilidad y resiliencia permanentes de los sistemas y servicios de tratamiento.<br \/>\n&#8211; Restaurar la disponibilidad y el acceso a los datos personales de forma r\u00e1pida, en caso de incidente f\u00edsico o t\u00e9cnico.<br \/>\n&#8211; Verificar, evaluar y valorar, de forma regular, la eficacia de las medidas t\u00e9cnicas y organizativas implementadas para garantizar la seguridad del tratamiento.<br \/>\n&#8211; Seudonimizar y cifrar los datos personales, en caso de que se trate de datos sensibles.[\/vc_column_text][vc_empty_space][vc_column_text]<\/p>\n<h3>Finalidad del tratamiento<\/h3>\n<p><strong>\u00bfPara qu\u00e9 queremos tratar sus datos?<\/strong><br \/>\nNecesitamos su autorizaci\u00f3n y consentimiento para recabar y tratar sus datos personales, por lo que a continuaci\u00f3n le detallamos los usos y finalidades previstas.<\/p>\n<p>Historial cl\u00ednico: Gesti\u00f3n y control sanitario ; Historial cl\u00ednico<br \/>\nComunicaciones comerciales: Marketing, publicidad y prospecci\u00f3n comercial<br \/>\nEnv\u00edo de emails: Env\u00edo de comunicaciones comerciales.<\/p>\n<p><strong>\u00bfDurante cu\u00e1nto tiempo conservamos sus datos?<\/strong><br \/>\nUtilizamos sus datos durante el tiempo estrictamente necesario para cumplir las finalidades indicadas anteriormente. Salvo que exista una obligaci\u00f3n o requerimiento legal, los plazos de conservaci\u00f3n previstos son:<br \/>\nHistorial cl\u00ednico: Durante un plazo de 5 a\u00f1os a partir de la \u00faltima confirmaci\u00f3n de inter\u00e9s.<\/p>\n<p>Comunicaciones comerciales: Mientras no se solicite su supresi\u00f3n por el interesado<br \/>\nEnv\u00edo de emails: Mientras no se solicite su supresi\u00f3n por el interesado[\/vc_column_text][vc_empty_space][vc_column_text]<\/p>\n<h3>Legitimaci\u00f3n del tratamiento<\/h3>\n<p><strong>\u00bfPor qu\u00e9 tratamos sus datos?<\/strong><br \/>\nLa recogida y el tratamiento de sus datos est\u00e1 legitimado siempre por una o varias bases jur\u00eddicas, las cuales detallamos a continuaci\u00f3n:<br \/>\nHistorial cl\u00ednico: Consentimiento expl\u00edcito del interesado<br \/>\nComunicaciones comerciales: Consentimiento expl\u00edcito del interesado<br \/>\nEnv\u00edo de emails: Consentimiento expl\u00edcito del interesado[\/vc_column_text][vc_empty_space][vc_column_text]<\/p>\n<h3>Destinatarios de sus datos<\/h3>\n<p><strong>\u00bfA qui\u00e9nes cedemos sus datos dentro de la Uni\u00f3n Europea?<\/strong><br \/>\nEn ocasiones, para poder cumplir con nuestras obligaciones legales y nuestro compromiso contractual con usted, nos vemos ante la obligaci\u00f3n y necesidad de ceder algunos de sus datos a ciertas categor\u00edas de destinatarios, las cuales especificamos a continuaci\u00f3n:<br \/>\nHistorial cl\u00ednico. Centros m\u00e9dicos, cl\u00ednicas, profesionales<br \/>\nAdem\u00e1s de las categor\u00edas de destinatarios a los que se ceden datos, tambi\u00e9n pudi\u00e9ramos cederlos a las siguientes organizaciones (\u00fanicamente aparecer\u00e1n si se cediesen datos a otras organizaciones):<\/p>\n<p><strong>\u00bfRealizamos Transferencias Internacionales de sus datos fuera de la Uni\u00f3n Europea?<\/strong><br \/>\nNo realizamos transferencias internacionales de sus datos[\/vc_column_text][vc_empty_space][vc_column_text]<\/p>\n<h3>Procedencia y tipos de datos tratados<\/h3>\n<p>Historial cl\u00ednico<br \/>\nPacientes: El propio interesado o su representante legal<br \/>\nComunicaciones comerciales<br \/>\nCLIENTES: El propio interesado o su representante legal ; Administraciones p\u00fablicas ; Entidad privada<br \/>\nPotenciales: El propio interesado o su representante legal<\/p>\n<p>Env\u00edo de emails<br \/>\nAGENDA-MAIL: El propio interesado o su representante legal ; Entidad privada<\/p>\n<p><strong>\u00bfQu\u00e9 tipos de datos suyos hemos recabado y tratamos?<\/strong><br \/>\nHistorial cl\u00ednico<br \/>\n&#8211; Finalidades:<br \/>\nGesti\u00f3n y control sanitario<br \/>\nHistorial cl\u00ednico<br \/>\n&#8211; Pacientes<br \/>\nDatos identificativos<br \/>\nNIF \/ NIE \/ Pasaporte<br \/>\nNombre y Apellidos<br \/>\nImagen<br \/>\nCategor\u00edas especiales de datos<br \/>\nSalud<br \/>\nComunicaciones comerciales<br \/>\n&#8211; Finalidades:<br \/>\nMarketing, publicidad y prospecci\u00f3n comercial<br \/>\n&#8211; Clientes<br \/>\nDatos identificativos<br \/>\nNombre y Apellidos<br \/>\nDirecci\u00f3n electr\u00f3nica<br \/>\n&#8211; Potenciales<br \/>\nDatos identificativos<br \/>\nNombre y Apellidos<br \/>\nDirecci\u00f3n electr\u00f3nica<br \/>\nEnv\u00edo de emails<br \/>\n&#8211; Finalidades<br \/>\nEnv\u00edo de comunicaciones comerciales<br \/>\n&#8211;\u00a0Agenda-Mail<br \/>\nDatos identificativos<br \/>\nDirecci\u00f3n electr\u00f3nica<br \/>\nDirecci\u00f3n postal<br \/>\nFirma electr\u00f3nica<br \/>\nNIF \/ NIE \/ Pasaporte<br \/>\nNombre y Apellidos<br \/>\nTel\u00e9fono[\/vc_column_text][vc_empty_space][vc_column_text]<\/p>\n<h3>Derechos de los interesados<\/h3>\n<p><strong>\u00bfCu\u00e1les son los derechos que le amparan?<\/strong><br \/>\nLa normativa vigente de protecci\u00f3n de datos le ampara en una serie de derechos en relaci\u00f3n al uso que le damos a sus datos. Todos y cada uno de sus derechos son unipersonales e intransferibles, es decir, que \u00fanicamente pueden ser realizados por el titular de los datos, previa comprobaci\u00f3n de su identidad.<\/p>\n<p>A continuaci\u00f3n le indicamos cuales son los derechos que le asisten:<br \/>\nSolicitar el ACCESO a sus datos personales<br \/>\nSolicitar la RECTIFICACION de sus datos<br \/>\nSolicitar la SUPRESI\u00d3N o eliminaci\u00f3n de sus datos (derecho al \u00abolvido\u00bb)<br \/>\nLIMITAR u OPONERSE al uso que le damos a sus datos<br \/>\nDerecho a la PORTABILIDAD de sus datos para casos de servicios de telecomunicaciones o internet.<br \/>\nDerecho a RETIRAR su consentimiento en cualquier momento<br \/>\nDerecho a presentar una RECLAMACI\u00d3N en materia de protecci\u00f3n de datos ante la Autoridad de Control: Agencia Espa\u00f1ola de Protecci\u00f3n de Datos.<\/p>\n<p><strong>\u00bfC\u00f3mo puede ejercer sus derechos en relaci\u00f3n a sus datos?<\/strong><br \/>\nPara el ejercicio de sus derechos de acceso, rectificaci\u00f3n, supresi\u00f3n, limitaci\u00f3n u oposici\u00f3n, portabilidad y retirada de su consentimiento, puede hacerlo de la siguiente forma:<br \/>\nHistorial cl\u00ednico<br \/>\nResponsable: INSTITUTO SANITARIO, S.A. DE SEGUROS<br \/>\nDirecci\u00f3n: NOU, 46. 08301, MATAR\u00d3 (Barcelona), Espa\u00f1a<br \/>\nTel\u00e9fono: 937902214<br \/>\nE-mail: info@clinicaissa.com<br \/>\nP\u00e1gina web: http:\/\/www.clinicaissa.com<br \/>\nComunicaciones comerciales<br \/>\nResponsable: INSTITUTO SANITARIO, S.A. DE SEGUROS<br \/>\nDirecci\u00f3n: NOU, 46. 08301, MATAR\u00d3 (Barcelona), Espa\u00f1a<br \/>\nTel\u00e9fono: 937902214<br \/>\nE-mail: info@clinicaissa.com<br \/>\nP\u00e1gina web: http:\/\/www.clinicaissa.com<br \/>\nEnv\u00edo de emails<br \/>\nResponsable: INSTITUTO SANITARIO, S.A. DE SEGUROS<br \/>\nDirecci\u00f3n: NOU, 46. 08301, MATAR\u00d3 (Barcelona), Espa\u00f1a<br \/>\nTel\u00e9fono: 937902214<br \/>\nE-mail: info@clinicaissa.com<br \/>\nP\u00e1gina web: http:\/\/www.clinicaissa.com<\/p>\n<p><strong>\u00bfC\u00f3mo puede presentar una reclamaci\u00f3n?<\/strong><br \/>\nAdem\u00e1s de los derechos que le asisten, si cree que sus datos no se est\u00e1n recabando o tratando conforme a la normativa vigente de Protecci\u00f3n de Datos, usted podr\u00e1 realizar una reclamaci\u00f3n ante la Autoridad de Control, cuyos datos de contacto indicamos a continuaci\u00f3n:<\/p>\n<p><strong>Agencia Espa\u00f1ola de Protecci\u00f3n de Datos<\/strong><br \/>\nC\/. Jorge Juan, 6. 28001, Madrid (Madrid), Espa\u00f1a<br \/>\nEmail: info@agpd.es &#8211; Tel\u00e9fono: 912663517<br \/>\nWeb: https:\/\/www.agpd.es[\/vc_column_text][vc_empty_space][vc_column_text]<\/p>\n<h3>Consentimiento y aceptaci\u00f3n<\/h3>\n<p>La aceptaci\u00f3n del presente documento indica que usted entiende, acepta todas las cl\u00e1usulas de nuestra pol\u00edtica de privacidad por lo que autoriza la recogida y el tratamiento de sus datos personales en estos t\u00e9rminos. Esta aceptaci\u00f3n se realiza mediante la activaci\u00f3n de la casilla de verificaci\u00f3n de \u00abLectura y Aceptaci\u00f3n\u00bb de nuestra Pol\u00edtica de Privacidad[\/vc_column_text][\/vc_column][\/vc_row]<\/p>\n<\/div>","protected":false},"excerpt":{"rendered":"<p>[vc_row css_animation=\u00bb\u00bb row_type=\u00bbrow\u00bb use_row_as_full_screen_section=\u00bbno\u00bb type=\u00bbfull_width\u00bb angled_section=\u00bbno\u00bb text_align=\u00bbleft\u00bb background_image_as_pattern=\u00bbwithout_pattern\u00bb css=\u00bb.vc_custom_1582186649594{padding-top: 200px !important;padding-bottom: 80px !important;}\u00bb z_index=\u00bb\u00bb][vc_column][vc_column_text] Informaci\u00f3n general La presente \u00abPol\u00edtica de Privacidad y Protecci\u00f3n de Datos\u00bb tiene como finalidad dar a conocer las condiciones que rigen la recogida y tratamiento de sus datos personales por parte&#8230;<\/p>\n","protected":false},"author":1,"featured_media":0,"parent":0,"menu_order":0,"comment_status":"closed","ping_status":"open","template":"","meta":{"footnotes":""},"class_list":["post-777","page","type-page","status-publish","hentry"],"_links":{"self":[{"href":"https:\/\/clinicaissa.com\/es\/wp-json\/wp\/v2\/pages\/777","targetHints":{"allow":["GET"]}}],"collection":[{"href":"https:\/\/clinicaissa.com\/es\/wp-json\/wp\/v2\/pages"}],"about":[{"href":"https:\/\/clinicaissa.com\/es\/wp-json\/wp\/v2\/types\/page"}],"author":[{"embeddable":true,"href":"https:\/\/clinicaissa.com\/es\/wp-json\/wp\/v2\/users\/1"}],"replies":[{"embeddable":true,"href":"https:\/\/clinicaissa.com\/es\/wp-json\/wp\/v2\/comments?post=777"}],"version-history":[{"count":1,"href":"https:\/\/clinicaissa.com\/es\/wp-json\/wp\/v2\/pages\/777\/revisions"}],"predecessor-version":[{"id":778,"href":"https:\/\/clinicaissa.com\/es\/wp-json\/wp\/v2\/pages\/777\/revisions\/778"}],"wp:attachment":[{"href":"https:\/\/clinicaissa.com\/es\/wp-json\/wp\/v2\/media?parent=777"}],"curies":[{"name":"wp","href":"https:\/\/api.w.org\/{rel}","templated":true}]}}